{"id":17483,"date":"2022-12-16T15:30:48","date_gmt":"2022-12-16T14:30:48","guid":{"rendered":"https:\/\/icm.eteclab.net\/certifications-des-spas-icm\/"},"modified":"2023-01-13T12:53:59","modified_gmt":"2023-01-13T11:53:59","slug":"certifications-des-spas-icm","status":"publish","type":"page","link":"https:\/\/www.icm-components.it\/fr\/certifications-des-spas-icm\/","title":{"rendered":"ICM S.p.a. Certifications"},"content":{"rendered":"<p>[et_pb_section fb_built=\u00a0\u00bb1&Prime; fullwidth=\u00a0\u00bbon\u00a0\u00bb disabled_on=\u00a0\u00bbon|on|on\u00a0\u00bb admin_label=\u00a0\u00bbSlider Block\u00a0\u00bb module_class=\u00a0\u00bbsfly_hero sfly_hero_1&Prime; _builder_version=\u00a0\u00bb4.16&Prime; _module_preset=\u00a0\u00bbdefault\u00a0\u00bb background_color=\u00a0\u00bb#000000&Prime; disabled=\u00a0\u00bbon\u00a0\u00bb saved_tabs=\u00a0\u00bball\u00a0\u00bb locked=\u00a0\u00bboff\u00a0\u00bb global_colors_info=\u00a0\u00bb{}\u00a0\u00bb][et_pb_fullwidth_slider show_pagination=\u00a0\u00bboff\u00a0\u00bb _builder_version=\u00a0\u00bb4.16&Prime; _dynamic_attributes=\u00a0\u00bbbackground_image\u00a0\u00bb _module_preset=\u00a0\u00bb2fdf55e6-0be3-4859-9c22-9bb9a12f56a2&Prime; header_level=\u00a0\u00bbh4&Prime; header_font=\u00a0\u00bb|700|||||||\u00a0\u00bb header_font_size=\u00a0\u00bb56px\u00a0\u00bb background_image=\u00a0\u00bb@ET-DC@eyJkeW5hbWljIjp0cnVlLCJjb250ZW50IjoicG9zdF9mZWF0dXJlZF9pbWFnZSIsInNldHRpbmdzIjp7fX0=@\u00a0\u00bb custom_button=\u00a0\u00bbon\u00a0\u00bb button_text_color=\u00a0\u00bb#ffffff\u00a0\u00bb button_bg_color=\u00a0\u00bbrgba(0,0,0,0)\u00a0\u00bb button_border_color=\u00a0\u00bb#ffffff\u00a0\u00bb button_font=\u00a0\u00bb|700|||||||\u00a0\u00bb button_use_icon=\u00a0\u00bboff\u00a0\u00bb width=\u00a0\u00bb100%\u00a0\u00bb custom_padding=\u00a0\u00bb|||40%|false|false\u00a0\u00bb auto=\u00a0\u00bbon\u00a0\u00bb auto_speed=\u00a0\u00bb5000&Prime; header_font_size_tablet=\u00a0\u00bb48px\u00a0\u00bb header_font_size_phone=\u00a0\u00bb36px\u00a0\u00bb header_font_size_last_edited=\u00a0\u00bbon|phone\u00a0\u00bb global_colors_info=\u00a0\u00bb{}\u00a0\u00bb button_text_color__hover=\u00a0\u00bb#000000&Prime; button_text_color__hover_enabled=\u00a0\u00bbon\u00a0\u00bb button_bg_color__hover=\u00a0\u00bb#ffffff\u00a0\u00bb button_bg_color__hover_enabled=\u00a0\u00bbon\u00a0\u00bb button_border_color__hover=\u00a0\u00bb#ffffff\u00a0\u00bb button_border_color__hover_enabled=\u00a0\u00bbon\u00a0\u00bb][et_pb_slide heading=\u00a0\u00bbCertifications et normes\u00a0\u00bb button_link=\u00a0\u00bb#cert-block\u00a0\u00bb admin_title=\u00a0\u00bbtitolo\u00a0\u00bb _builder_version=\u00a0\u00bb4.16&Prime; _module_preset=\u00a0\u00bbdefault\u00a0\u00bb background_image=\u00a0\u00bbhttps:\/\/www.icm-components.it\/wp-content\/uploads\/2022\/12\/SANCO_header_certificazioni-fumo.jpg\u00a0\u00bb background_enable_image=\u00a0\u00bbon\u00a0\u00bb text_orientation=\u00a0\u00bbright\u00a0\u00bb custom_padding=\u00a0\u00bb|0px||40%|false|false\u00a0\u00bb global_colors_info=\u00a0\u00bb{}\u00a0\u00bb sticky_transition=\u00a0\u00bbon\u00a0\u00bb]<\/p>\n<p style=\"margin-top:15px;\">Lorem ispum dolor sit amet aner manec cit solvem ici lorem de sigma hic not et architecto sa.<\/p>\n<p>[\/et_pb_slide][\/et_pb_fullwidth_slider][et_pb_fullwidth_code admin_label=\u00a0\u00bbarrow down\u00a0\u00bb module_class=\u00a0\u00bbabsolute arrow_down_slider bounce\u00a0\u00bb _builder_version=\u00a0\u00bb4.16&Prime; _module_preset=\u00a0\u00bbdefault\u00a0\u00bb text_orientation=\u00a0\u00bbcenter\u00a0\u00bb module_alignment=\u00a0\u00bbcenter\u00a0\u00bb link_option_url=\u00a0\u00bb#intro-block\u00a0\u00bb global_colors_info=\u00a0\u00bb{}\u00a0\u00bb]<a href=\"#intro-block\"><span class=\"et_pb_image_wrap\"><span class=\"et-waypoint et_pb_animation_top et_pb_animation_top_tablet et_pb_animation_top_phone et-pb-icon et-pb-icon-circle\">7<\/span><\/span><\/a>[\/et_pb_fullwidth_code][\/et_pb_section][et_pb_section fb_built=\u00a0\u00bb1&Prime; admin_label=\u00a0\u00bbIntro Block\u00a0\u00bb module_id=\u00a0\u00bbintro-block\u00a0\u00bb module_class=\u00a0\u00bbsfly_feature sfly_feature_12 sfly_marketing single_product_intro\u00a0\u00bb _builder_version=\u00a0\u00bb4.16&Prime; _module_preset=\u00a0\u00bbdefault\u00a0\u00bb custom_padding=\u00a0\u00bb2%||0px||false|false\u00a0\u00bb locked=\u00a0\u00bboff\u00a0\u00bb global_colors_info=\u00a0\u00bb{}\u00a0\u00bb][et_pb_row _builder_version=\u00a0\u00bb4.16&Prime; _module_preset=\u00a0\u00bbdefault\u00a0\u00bb global_colors_info=\u00a0\u00bb{}\u00a0\u00bb][et_pb_column type=\u00a0\u00bb4_4&Prime; module_class=\u00a0\u00bbcolumn1&Prime; _builder_version=\u00a0\u00bb4.16&Prime; _module_preset=\u00a0\u00bbdefault\u00a0\u00bb custom_padding=\u00a0\u00bb|||\u00a0\u00bb custom_padding_tablet=\u00a0\u00bb||50px|\u00a0\u00bb custom_padding_phone=\u00a0\u00bb\u00a0\u00bb custom_padding_last_edited=\u00a0\u00bbon|tablet\u00a0\u00bb global_colors_info=\u00a0\u00bb{}\u00a0\u00bb padding_tablet=\u00a0\u00bb||50px|\u00a0\u00bb padding_last_edited=\u00a0\u00bbon|tablet\u00a0\u00bb custom_padding__hover=\u00a0\u00bb|||\u00a0\u00bb padding_phone=\u00a0\u00bb||50px|\u00a0\u00bb][et_pb_text quote_border_weight=\u00a0\u00bb0px\u00a0\u00bb quote_border_color=\u00a0\u00bbrgba(0,0,0,0)\u00a0\u00bb admin_label=\u00a0\u00bbTitolo pagina\u00a0\u00bb _builder_version=\u00a0\u00bb4.19.3&Prime; _module_preset=\u00a0\u00bbdefault\u00a0\u00bb text_font=\u00a0\u00bb||||||||\u00a0\u00bb link_font=\u00a0\u00bb||||on|||#000000|\u00a0\u00bb link_text_color=\u00a0\u00bb#000000&Prime; quote_font=\u00a0\u00bbPlayfair Display||on||||||\u00a0\u00bb quote_text_color=\u00a0\u00bb#000000&Prime; quote_line_height=\u00a0\u00bb1.3em\u00a0\u00bb header_font=\u00a0\u00bb|700|||||||\u00a0\u00bb header_2_font=\u00a0\u00bb|700|||||||\u00a0\u00bb header_3_font=\u00a0\u00bb|700|||||||\u00a0\u00bb header_3_text_color=\u00a0\u00bb#000000&Prime; header_4_letter_spacing=\u00a0\u00bb12px\u00a0\u00bb header_5_font=\u00a0\u00bb|300|||||||\u00a0\u00bb header_5_text_color=\u00a0\u00bb#bfbfbf\u00a0\u00bb header_5_letter_spacing=\u00a0\u00bb12px\u00a0\u00bb header_6_font=\u00a0\u00bb|700|||||||\u00a0\u00bb header_6_letter_spacing=\u00a0\u00bb12px\u00a0\u00bb module_alignment=\u00a0\u00bbleft\u00a0\u00bb custom_margin_tablet=\u00a0\u00bb\u00a0\u00bb custom_margin_phone=\u00a0\u00bb\u00a0\u00bb custom_margin_last_edited=\u00a0\u00bbon|tablet\u00a0\u00bb quote_font_size_tablet=\u00a0\u00bb\u00a0\u00bb quote_font_size_phone=\u00a0\u00bb\u00a0\u00bb quote_font_size_last_edited=\u00a0\u00bbon|desktop\u00a0\u00bb saved_tabs=\u00a0\u00bball\u00a0\u00bb locked=\u00a0\u00bboff\u00a0\u00bb global_colors_info=\u00a0\u00bb{}\u00a0\u00bb]<\/p>\n<h1><span class=\"title-door-primary porte_interne\">Certificats<\/span><\/h1>\n<p><span><span><a href=\"https:\/\/www.icm-components.it\/fr\/homepage\/\">Home<\/a><\/span><\/span>[\/et_pb_text][\/et_pb_column][\/et_pb_row][\/et_pb_section][et_pb_section fb_built=\u00a0\u00bb1&Prime; admin_label=\u00a0\u00bbCertificazioni\u00a0\u00bb module_id=\u00a0\u00bbcert-block\u00a0\u00bb module_class=\u00a0\u00bbsfly_feature sfly_feature_12 sfly_marketing quality_block\u00a0\u00bb _builder_version=\u00a0\u00bb4.16&Prime; _module_preset=\u00a0\u00bbdefault\u00a0\u00bb custom_padding=\u00a0\u00bb0px||0px||false|false\u00a0\u00bb saved_tabs=\u00a0\u00bball\u00a0\u00bb locked=\u00a0\u00bboff\u00a0\u00bb global_colors_info=\u00a0\u00bb{}\u00a0\u00bb][et_pb_row column_structure=\u00a0\u00bb3_4,1_4&Prime; use_custom_gutter=\u00a0\u00bbon\u00a0\u00bb gutter_width=\u00a0\u00bb1&Prime; _builder_version=\u00a0\u00bb4.19.3&Prime; _module_preset=\u00a0\u00bbdefault\u00a0\u00bb global_colors_info=\u00a0\u00bb{}\u00a0\u00bb][et_pb_column type=\u00a0\u00bb3_4&Prime; module_class=\u00a0\u00bbcolumn1&Prime; _builder_version=\u00a0\u00bb4.19.3&Prime; _module_preset=\u00a0\u00bbdefault\u00a0\u00bb custom_padding=\u00a0\u00bb|||\u00a0\u00bb custom_padding_tablet=\u00a0\u00bb||50px|\u00a0\u00bb custom_padding_phone=\u00a0\u00bb\u00a0\u00bb custom_padding_last_edited=\u00a0\u00bbon|tablet\u00a0\u00bb global_colors_info=\u00a0\u00bb{}\u00a0\u00bb padding_tablet=\u00a0\u00bb||50px|\u00a0\u00bb padding_last_edited=\u00a0\u00bbon|tablet\u00a0\u00bb custom_padding__hover=\u00a0\u00bb|||\u00a0\u00bb padding_phone=\u00a0\u00bb||50px|\u00a0\u00bb][et_pb_text quote_border_weight=\u00a0\u00bb0px\u00a0\u00bb quote_border_color=\u00a0\u00bbrgba(0,0,0,0)\u00a0\u00bb admin_label=\u00a0\u00bbLa politica ambientale di ICM S.P.A.\u00a0\u00bb _builder_version=\u00a0\u00bb4.19.3&Prime; _module_preset=\u00a0\u00bbdefault\u00a0\u00bb text_font=\u00a0\u00bb||||||||\u00a0\u00bb link_font=\u00a0\u00bb||||on|||#000000|\u00a0\u00bb link_text_color=\u00a0\u00bb#000000&Prime; quote_font=\u00a0\u00bbPlayfair Display||on||||||\u00a0\u00bb quote_text_color=\u00a0\u00bb#000000&Prime; quote_line_height=\u00a0\u00bb1.3em\u00a0\u00bb header_font=\u00a0\u00bb|700|||||||\u00a0\u00bb header_2_font=\u00a0\u00bb|700|||||||\u00a0\u00bb header_3_font=\u00a0\u00bb|700|||||||\u00a0\u00bb header_3_text_color=\u00a0\u00bb#000000&Prime; header_4_letter_spacing=\u00a0\u00bb12px\u00a0\u00bb header_5_font=\u00a0\u00bb|300|||||||\u00a0\u00bb header_5_text_color=\u00a0\u00bb#bfbfbf\u00a0\u00bb header_5_letter_spacing=\u00a0\u00bb12px\u00a0\u00bb header_6_font=\u00a0\u00bb|700|||||||\u00a0\u00bb header_6_letter_spacing=\u00a0\u00bb12px\u00a0\u00bb module_alignment=\u00a0\u00bbleft\u00a0\u00bb custom_margin_tablet=\u00a0\u00bb\u00a0\u00bb custom_margin_phone=\u00a0\u00bb\u00a0\u00bb custom_margin_last_edited=\u00a0\u00bbon|tablet\u00a0\u00bb quote_font_size_tablet=\u00a0\u00bb\u00a0\u00bb quote_font_size_phone=\u00a0\u00bb\u00a0\u00bb quote_font_size_last_edited=\u00a0\u00bbon|desktop\u00a0\u00bb locked=\u00a0\u00bboff\u00a0\u00bb global_colors_info=\u00a0\u00bb{}\u00a0\u00bb]<\/p>\n<h2>La politique environnementale de I.C.M. S.P.A.<\/h2>\n<p>ICM exerce ses activit\u00e9s avec une attention particuli\u00e8re \u00e0 la durabilit\u00e9 environnementale des processus de production dans le respect de l&rsquo;environnement et de la communaut\u00e9 dans laquelle elle op\u00e8re dans le but de r\u00e9duire en permanence l&rsquo;impact environnemental de ses activit\u00e9s.<\/p>\n<p>Depuis 2013, il a mis en place un syst\u00e8me de gestion environnementale conforme aux normes qui lui a permis d&rsquo;\u00eatre certifi\u00e9 selon les normes UNI EN ISO 14001:2004 et d&rsquo;obtenir l&rsquo;enregistrement EMAS sur la base du r\u00e8glement CE n.1221\/2009, comme un d\u00e9monstration de l&rsquo;engagement de toute l&rsquo;organisation de l&rsquo;entreprise envers la protection du territoire dans lequel l&rsquo;entreprise op\u00e8re.[\/et_pb_text][\/et_pb_column][et_pb_column type=\u00a0\u00bb1_4&Prime; module_class=\u00a0\u00bbcolumn1&Prime; _builder_version=\u00a0\u00bb4.16&Prime; _module_preset=\u00a0\u00bbdefault\u00a0\u00bb custom_padding=\u00a0\u00bb|||\u00a0\u00bb custom_padding_tablet=\u00a0\u00bb||50px|\u00a0\u00bb custom_padding_phone=\u00a0\u00bb\u00a0\u00bb custom_padding_last_edited=\u00a0\u00bbon|tablet\u00a0\u00bb global_colors_info=\u00a0\u00bb{}\u00a0\u00bb padding_tablet=\u00a0\u00bb||50px|\u00a0\u00bb padding_last_edited=\u00a0\u00bbon|tablet\u00a0\u00bb custom_padding__hover=\u00a0\u00bb|||\u00a0\u00bb padding_phone=\u00a0\u00bb||50px|\u00a0\u00bb][et_pb_image src=\u00a0\u00bbhttps:\/\/www.icm-components.it\/wp-content\/uploads\/2022\/12\/dichiarazione_ambientale.jpg\u00a0\u00bb title_text=\u00a0\u00bbdichiarazione_ambientale\u00a0\u00bb url=\u00a0\u00bb\/wp-content\/uploads\/2022\/12\/Dichiarazione-Ambientale.pdf\u00a0\u00bb url_new_window=\u00a0\u00bbon\u00a0\u00bb align=\u00a0\u00bbcenter\u00a0\u00bb admin_label=\u00a0\u00bbpolitica ambientale\u00a0\u00bb _builder_version=\u00a0\u00bb4.19.3&Prime; _module_preset=\u00a0\u00bbb4a76c6f-d64e-431f-8a5f-0828062994bb\u00a0\u00bb max_width=\u00a0\u00bb150px\u00a0\u00bb module_alignment=\u00a0\u00bbcenter\u00a0\u00bb global_colors_info=\u00a0\u00bb{}\u00a0\u00bb][\/et_pb_image][\/et_pb_column][\/et_pb_row][et_pb_row column_structure=\u00a0\u00bb1_4,3_4&Prime; use_custom_gutter=\u00a0\u00bbon\u00a0\u00bb gutter_width=\u00a0\u00bb1&Prime; disabled_on=\u00a0\u00bbon|on|on\u00a0\u00bb _builder_version=\u00a0\u00bb4.19.3&Prime; _module_preset=\u00a0\u00bbdefault\u00a0\u00bb disabled=\u00a0\u00bbon\u00a0\u00bb global_colors_info=\u00a0\u00bb{}\u00a0\u00bb][et_pb_column type=\u00a0\u00bb1_4&Prime; module_class=\u00a0\u00bbcolumn1&Prime; _builder_version=\u00a0\u00bb4.16&Prime; _module_preset=\u00a0\u00bbdefault\u00a0\u00bb custom_padding=\u00a0\u00bb|||\u00a0\u00bb custom_padding_tablet=\u00a0\u00bb||50px|\u00a0\u00bb custom_padding_phone=\u00a0\u00bb\u00a0\u00bb custom_padding_last_edited=\u00a0\u00bbon|tablet\u00a0\u00bb global_colors_info=\u00a0\u00bb{}\u00a0\u00bb padding_tablet=\u00a0\u00bb||50px|\u00a0\u00bb padding_last_edited=\u00a0\u00bbon|tablet\u00a0\u00bb custom_padding__hover=\u00a0\u00bb|||\u00a0\u00bb padding_phone=\u00a0\u00bb||50px|\u00a0\u00bb][et_pb_image src=\u00a0\u00bbhttps:\/\/www.icm-components.it\/wp-content\/uploads\/2022\/12\/gbe_logo.jpg\u00a0\u00bb title_text=\u00a0\u00bbgbe_logo\u00a0\u00bb align=\u00a0\u00bbcenter\u00a0\u00bb _builder_version=\u00a0\u00bb4.19.3&Prime; _module_preset=\u00a0\u00bbdefault\u00a0\u00bb module_alignment=\u00a0\u00bbcenter\u00a0\u00bb global_colors_info=\u00a0\u00bb{}\u00a0\u00bb][\/et_pb_image][et_pb_image src=\u00a0\u00bbhttps:\/\/www.icm-components.it\/wp-content\/uploads\/2022\/12\/Premiazione.jpg\u00a0\u00bb title_text=\u00a0\u00bbR\u00e9compenses\u00a0\u00bb align=\u00a0\u00bbcenter\u00a0\u00bb _builder_version=\u00a0\u00bb4.19.3&Prime; _module_preset=\u00a0\u00bbdefault\u00a0\u00bb module_alignment=\u00a0\u00bbcenter\u00a0\u00bb global_colors_info=\u00a0\u00bb{}\u00a0\u00bb][\/et_pb_image][\/et_pb_column][et_pb_column type=\u00a0\u00bb3_4&Prime; module_class=\u00a0\u00bbcolumn1&Prime; _builder_version=\u00a0\u00bb4.16&Prime; _module_preset=\u00a0\u00bbdefault\u00a0\u00bb custom_padding=\u00a0\u00bb|||\u00a0\u00bb custom_padding_tablet=\u00a0\u00bb||50px|\u00a0\u00bb custom_padding_phone=\u00a0\u00bb\u00a0\u00bb custom_padding_last_edited=\u00a0\u00bbon|tablet\u00a0\u00bb global_colors_info=\u00a0\u00bb{}\u00a0\u00bb padding_tablet=\u00a0\u00bb||50px|\u00a0\u00bb padding_last_edited=\u00a0\u00bbon|tablet\u00a0\u00bb custom_padding__hover=\u00a0\u00bb|||\u00a0\u00bb padding_phone=\u00a0\u00bb||50px|\u00a0\u00bb][et_pb_text quote_border_weight=\u00a0\u00bb0px\u00a0\u00bb quote_border_color=\u00a0\u00bbrgba(0,0,0,0)\u00a0\u00bb admin_label=\u00a0\u00bbGBE\u00a0\u00bb _builder_version=\u00a0\u00bb4.19.3&Prime; _module_preset=\u00a0\u00bbdefault\u00a0\u00bb text_font=\u00a0\u00bb||||||||\u00a0\u00bb link_font=\u00a0\u00bb||||on|||#000000|\u00a0\u00bb link_text_color=\u00a0\u00bb#000000&Prime; quote_font=\u00a0\u00bbPlayfair Display||on||||||\u00a0\u00bb quote_text_color=\u00a0\u00bb#000000&Prime; quote_line_height=\u00a0\u00bb1.3em\u00a0\u00bb header_font=\u00a0\u00bb|700|||||||\u00a0\u00bb header_2_font=\u00a0\u00bb|700|||||||\u00a0\u00bb header_3_font=\u00a0\u00bb|700|||||||\u00a0\u00bb header_3_text_color=\u00a0\u00bb#000000&Prime; header_4_letter_spacing=\u00a0\u00bb12px\u00a0\u00bb header_5_font=\u00a0\u00bb|300|||||||\u00a0\u00bb header_5_text_color=\u00a0\u00bb#bfbfbf\u00a0\u00bb header_5_letter_spacing=\u00a0\u00bb12px\u00a0\u00bb header_6_font=\u00a0\u00bb|700|||||||\u00a0\u00bb header_6_letter_spacing=\u00a0\u00bb12px\u00a0\u00bb module_alignment=\u00a0\u00bbleft\u00a0\u00bb custom_margin_tablet=\u00a0\u00bb\u00a0\u00bb custom_margin_phone=\u00a0\u00bb\u00a0\u00bb custom_margin_last_edited=\u00a0\u00bbon|tablet\u00a0\u00bb quote_font_size_tablet=\u00a0\u00bb\u00a0\u00bb quote_font_size_phone=\u00a0\u00bb\u00a0\u00bb quote_font_size_last_edited=\u00a0\u00bbon|desktop\u00a0\u00bb locked=\u00a0\u00bboff\u00a0\u00bb global_colors_info=\u00a0\u00bb{}\u00a0\u00bb]<\/p>\n<h2>GBE Factory Awards<\/h2>\n<p>En 2012, gr\u00e2ce \u00e0 son usine innovante de production d&rsquo;\u00e9lectricit\u00e9 en cog\u00e9n\u00e9ration, ICM a remport\u00e9 les premiers GBE FACTORY AWARDS dans le cadre du projet international \u00ab GBE Factory : b\u00e2timents industriels et tertiaires de seconde g\u00e9n\u00e9ration. Les \u00e9nergies renouvelables au service de la comp\u00e9titivit\u00e9 et de l&rsquo;environnement \u00bb qui valorise et r\u00e9compense les entreprises vertueuses qui ont r\u00e9alis\u00e9 des investissements pour la production d&rsquo;\u00e9nergie. <\/p>\n<p>Le prix a \u00e9t\u00e9 d\u00e9cern\u00e9 lors de la conf\u00e9rence \u00ab\u00a0Production d&rsquo;\u00e9nergie renouvelable dans le secteur de l&rsquo;ameublement en bois\u00a0\u00bb, organis\u00e9e par Unioncamere del Veneto en collaboration avec l&rsquo;Union industrielle de Pordenone, Pordenone Energia et ADSI Livenza Furniture District. La nouvelle centrale ICM permet d&rsquo;utiliser toute la poudre de d\u00e9chets produite en interne pour produire de l&rsquo;\u00e9lectricit\u00e9 en cog\u00e9n\u00e9ration.<\/p>\n<p>Cela se produit gr\u00e2ce \u00e0 l&rsquo;utilisation de turbines ORC et \u00e0 l&rsquo;utilisation d&rsquo;une chaudi\u00e8re de haute technologie qui g\u00e9n\u00e8re la combustion de toute la poudre fine produite et r\u00e9duit le transfert de d\u00e9chets vers l&rsquo;ext\u00e9rieur. L&rsquo;objectif d&rsquo;ICM dans les prochaines ann\u00e9es sera d&rsquo;utiliser la totalit\u00e9 de la poudre disponible pour la production d&rsquo;\u00e9lectricit\u00e9 en cog\u00e9n\u00e9ration, soit tripler les quantit\u00e9s de poudre utilis\u00e9es par rapport \u00e0 2010, en devenant une usine Z\u00e9ro \u00e9mission carbone.[\/et_pb_text][\/et_pb_column][\/et_pb_row][et_pb_row column_structure=\u00a0\u00bb1_4,3_4&Prime; use_custom_gutter=\u00a0\u00bbon\u00a0\u00bb gutter_width=\u00a0\u00bb1&Prime; _builder_version=\u00a0\u00bb4.19.3&Prime; _module_preset=\u00a0\u00bbdefault\u00a0\u00bb global_colors_info=\u00a0\u00bb{}\u00a0\u00bb][et_pb_column type=\u00a0\u00bb1_4&Prime; module_class=\u00a0\u00bbcolumn1&Prime; _builder_version=\u00a0\u00bb4.16&Prime; _module_preset=\u00a0\u00bbdefault\u00a0\u00bb custom_padding=\u00a0\u00bb|||\u00a0\u00bb custom_padding_tablet=\u00a0\u00bb||50px|\u00a0\u00bb custom_padding_phone=\u00a0\u00bb\u00a0\u00bb custom_padding_last_edited=\u00a0\u00bbon|tablet\u00a0\u00bb global_colors_info=\u00a0\u00bb{}\u00a0\u00bb padding_tablet=\u00a0\u00bb||50px|\u00a0\u00bb padding_last_edited=\u00a0\u00bbon|tablet\u00a0\u00bb custom_padding__hover=\u00a0\u00bb|||\u00a0\u00bb padding_phone=\u00a0\u00bb||50px|\u00a0\u00bb][et_pb_image src=\u00a0\u00bbhttps:\/\/www.icm-components.it\/wp-content\/uploads\/2022\/12\/cert_ISO_14001.jpg\u00a0\u00bb title_text=\u00a0\u00bbcert_ISO_14001&Prime; url=\u00a0\u00bb\/wp-content\/uploads\/2022\/12\/Certificazione-ISO-14001.pdf\u00a0\u00bb url_new_window=\u00a0\u00bbon\u00a0\u00bb align=\u00a0\u00bbcenter\u00a0\u00bb admin_label=\u00a0\u00bbiso 14001&Prime; _builder_version=\u00a0\u00bb4.19.3&Prime; _module_preset=\u00a0\u00bbb4a76c6f-d64e-431f-8a5f-0828062994bb\u00a0\u00bb max_width=\u00a0\u00bb150px\u00a0\u00bb module_alignment=\u00a0\u00bbcenter\u00a0\u00bb global_colors_info=\u00a0\u00bb{}\u00a0\u00bb][\/et_pb_image][et_pb_image src=\u00a0\u00bbhttps:\/\/www.icm-components.it\/wp-content\/uploads\/2022\/12\/IQnet_certification_icm.jpg\u00a0\u00bb title_text=\u00a0\u00bbIQnet_certification_icm\u00a0\u00bb url=\u00a0\u00bb\/wp-content\/uploads\/2022\/12\/Certificazione-IQ-Net.pdf\u00a0\u00bb url_new_window=\u00a0\u00bbon\u00a0\u00bb align=\u00a0\u00bbcenter\u00a0\u00bb admin_label=\u00a0\u00bbcertificazione iq net\u00a0\u00bb _builder_version=\u00a0\u00bb4.19.3&Prime; _module_preset=\u00a0\u00bbb4a76c6f-d64e-431f-8a5f-0828062994bb\u00a0\u00bb max_width=\u00a0\u00bb150px\u00a0\u00bb module_alignment=\u00a0\u00bbcenter\u00a0\u00bb global_colors_info=\u00a0\u00bb{}\u00a0\u00bb][\/et_pb_image][\/et_pb_column][et_pb_column type=\u00a0\u00bb3_4&Prime; module_class=\u00a0\u00bbcolumn1&Prime; _builder_version=\u00a0\u00bb4.16&Prime; _module_preset=\u00a0\u00bbdefault\u00a0\u00bb custom_padding=\u00a0\u00bb|||\u00a0\u00bb custom_padding_tablet=\u00a0\u00bb||50px|\u00a0\u00bb custom_padding_phone=\u00a0\u00bb\u00a0\u00bb custom_padding_last_edited=\u00a0\u00bbon|tablet\u00a0\u00bb global_colors_info=\u00a0\u00bb{}\u00a0\u00bb padding_tablet=\u00a0\u00bb||50px|\u00a0\u00bb padding_last_edited=\u00a0\u00bbon|tablet\u00a0\u00bb custom_padding__hover=\u00a0\u00bb|||\u00a0\u00bb padding_phone=\u00a0\u00bb||50px|\u00a0\u00bb][et_pb_text quote_border_weight=\u00a0\u00bb0px\u00a0\u00bb quote_border_color=\u00a0\u00bbrgba(0,0,0,0)\u00a0\u00bb admin_label=\u00a0\u00bbLa certificazione ISO 14001&Prime; _builder_version=\u00a0\u00bb4.19.3&Prime; _module_preset=\u00a0\u00bbdefault\u00a0\u00bb text_font=\u00a0\u00bb||||||||\u00a0\u00bb link_font=\u00a0\u00bb||||on|||#000000|\u00a0\u00bb link_text_color=\u00a0\u00bb#000000&Prime; quote_font=\u00a0\u00bbPlayfair Display||on||||||\u00a0\u00bb quote_text_color=\u00a0\u00bb#000000&Prime; quote_line_height=\u00a0\u00bb1.3em\u00a0\u00bb header_font=\u00a0\u00bb|700|||||||\u00a0\u00bb header_2_font=\u00a0\u00bb|700|||||||\u00a0\u00bb header_3_font=\u00a0\u00bb|700|||||||\u00a0\u00bb header_3_text_color=\u00a0\u00bb#000000&Prime; header_4_letter_spacing=\u00a0\u00bb12px\u00a0\u00bb header_5_font=\u00a0\u00bb|300|||||||\u00a0\u00bb header_5_text_color=\u00a0\u00bb#bfbfbf\u00a0\u00bb header_5_letter_spacing=\u00a0\u00bb12px\u00a0\u00bb header_6_font=\u00a0\u00bb|700|||||||\u00a0\u00bb header_6_letter_spacing=\u00a0\u00bb12px\u00a0\u00bb module_alignment=\u00a0\u00bbleft\u00a0\u00bb custom_margin_tablet=\u00a0\u00bb\u00a0\u00bb custom_margin_phone=\u00a0\u00bb\u00a0\u00bb custom_margin_last_edited=\u00a0\u00bbon|tablet\u00a0\u00bb quote_font_size_tablet=\u00a0\u00bb\u00a0\u00bb quote_font_size_phone=\u00a0\u00bb\u00a0\u00bb quote_font_size_last_edited=\u00a0\u00bbon|desktop\u00a0\u00bb locked=\u00a0\u00bboff\u00a0\u00bb global_colors_info=\u00a0\u00bb{}\u00a0\u00bb]<\/p>\n<h2>Certificat ISO 14001<\/h2>\n<p>La norme UNI EN ISO 14001 est reconnue comme norme pour la certification du syst\u00e8me de gestion environnementale. Il est bas\u00e9 sur la m\u00e9thodologie \u00ab\u00a0Plan-Do-Check-Act\u00a0\u00bb et fournit un cadre syst\u00e9matique pour l&rsquo;int\u00e9gration de pratiques visant \u00e0 prot\u00e9ger l&rsquo;environnement, \u00e0 pr\u00e9venir la pollution, \u00e0 r\u00e9duire la quantit\u00e9 de d\u00e9chets, la consommation d&rsquo;\u00e9nergie et la quantit\u00e9 de mat\u00e9riaux utilis\u00e9s.<\/p>\n<p>Depuis 2013, ICM a obtenu la certification ISO 14001 pour le respect des normes \u00e9tablies par la l\u00e9gislation et leur maintien dans le temps.[\/et_pb_text][\/et_pb_column][\/et_pb_row][et_pb_row column_structure=\u00a0\u00bb3_4,1_4&Prime; use_custom_gutter=\u00a0\u00bbon\u00a0\u00bb gutter_width=\u00a0\u00bb1&Prime; _builder_version=\u00a0\u00bb4.19.3&Prime; _module_preset=\u00a0\u00bbdefault\u00a0\u00bb global_colors_info=\u00a0\u00bb{}\u00a0\u00bb][et_pb_column type=\u00a0\u00bb3_4&Prime; module_class=\u00a0\u00bbcolumn1&Prime; _builder_version=\u00a0\u00bb4.16&Prime; _module_preset=\u00a0\u00bbdefault\u00a0\u00bb custom_padding=\u00a0\u00bb|||\u00a0\u00bb custom_padding_tablet=\u00a0\u00bb||50px|\u00a0\u00bb custom_padding_phone=\u00a0\u00bb\u00a0\u00bb custom_padding_last_edited=\u00a0\u00bbon|tablet\u00a0\u00bb global_colors_info=\u00a0\u00bb{}\u00a0\u00bb padding_tablet=\u00a0\u00bb||50px|\u00a0\u00bb padding_last_edited=\u00a0\u00bbon|tablet\u00a0\u00bb custom_padding__hover=\u00a0\u00bb|||\u00a0\u00bb padding_phone=\u00a0\u00bb||50px|\u00a0\u00bb][et_pb_text quote_border_weight=\u00a0\u00bb0px\u00a0\u00bb quote_border_color=\u00a0\u00bbrgba(0,0,0,0)\u00a0\u00bb admin_label=\u00a0\u00bbemas\u00a0\u00bb _builder_version=\u00a0\u00bb4.19.3&Prime; _module_preset=\u00a0\u00bbdefault\u00a0\u00bb text_font=\u00a0\u00bb||||||||\u00a0\u00bb link_font=\u00a0\u00bb||||on|||#000000|\u00a0\u00bb link_text_color=\u00a0\u00bb#000000&Prime; quote_font=\u00a0\u00bbPlayfair Display||on||||||\u00a0\u00bb quote_text_color=\u00a0\u00bb#000000&Prime; quote_line_height=\u00a0\u00bb1.3em\u00a0\u00bb header_font=\u00a0\u00bb|700|||||||\u00a0\u00bb header_2_font=\u00a0\u00bb|700|||||||\u00a0\u00bb header_3_font=\u00a0\u00bb|700|||||||\u00a0\u00bb header_3_text_color=\u00a0\u00bb#000000&Prime; header_4_letter_spacing=\u00a0\u00bb12px\u00a0\u00bb header_5_font=\u00a0\u00bb|300|||||||\u00a0\u00bb header_5_text_color=\u00a0\u00bb#bfbfbf\u00a0\u00bb header_5_letter_spacing=\u00a0\u00bb12px\u00a0\u00bb header_6_font=\u00a0\u00bb|700|||||||\u00a0\u00bb header_6_letter_spacing=\u00a0\u00bb12px\u00a0\u00bb module_alignment=\u00a0\u00bbleft\u00a0\u00bb custom_margin_tablet=\u00a0\u00bb\u00a0\u00bb custom_margin_phone=\u00a0\u00bb\u00a0\u00bb custom_margin_last_edited=\u00a0\u00bbon|tablet\u00a0\u00bb quote_font_size_tablet=\u00a0\u00bb\u00a0\u00bb quote_font_size_phone=\u00a0\u00bb\u00a0\u00bb quote_font_size_last_edited=\u00a0\u00bbon|desktop\u00a0\u00bb locked=\u00a0\u00bboff\u00a0\u00bb global_colors_info=\u00a0\u00bb{}\u00a0\u00bb]<\/p>\n<h2>Enregistrement EMAS<\/h2>\n<p>ICM a mis en place un syst\u00e8me de gestion environnementale conforme \u00e0 la fois \u00e0 la norme UNI EN ISO 14001:2004 et au r\u00e8glement CE n.1221\/2009 (EMAS) comme une d\u00e9monstration concr\u00e8te de l&rsquo;engagement de toute l&rsquo;organisation de l&rsquo;entreprise envers la protection du territoire en laquelle l&rsquo;entreprise op\u00e8re.<\/p>\n<p>Au sein de ce syst\u00e8me de management environnemental, les m\u00e9thodes adopt\u00e9es pour l&rsquo;identification des aspects environnementaux et l&rsquo;\u00e9valuation de leur importance sont d\u00e9finies en temps opportun, afin d&rsquo;assurer le contr\u00f4le du respect de la l\u00e9gislation applicable et de d\u00e9finir des objectifs permettant la poursuite de l&rsquo;am\u00e9lioration continue. des performances environnementales.<\/p>\n<p>Le respect du Syst\u00e8me de Management Environnemental et de la r\u00e9glementation de r\u00e9f\u00e9rence a permis \u00e0 ICM d&rsquo;obtenir en 2014 l&rsquo;enregistrement EMAS (Eco-Management and Audit Scheme) d\u00e9livr\u00e9 suite \u00e0 la validation de la D\u00e9claration Environnementale par le v\u00e9rificateur environnemental accr\u00e9dit\u00e9 et l&rsquo;ARPA v\u00e9rifie FVG.[\/et_pb_text][\/et_pb_column][et_pb_column type=\u00a0\u00bb1_4&Prime; module_class=\u00a0\u00bbcolumn1&Prime; _builder_version=\u00a0\u00bb4.16&Prime; _module_preset=\u00a0\u00bbdefault\u00a0\u00bb custom_padding=\u00a0\u00bb|||\u00a0\u00bb custom_padding_tablet=\u00a0\u00bb||50px|\u00a0\u00bb custom_padding_phone=\u00a0\u00bb\u00a0\u00bb custom_padding_last_edited=\u00a0\u00bbon|tablet\u00a0\u00bb global_colors_info=\u00a0\u00bb{}\u00a0\u00bb padding_tablet=\u00a0\u00bb||50px|\u00a0\u00bb padding_last_edited=\u00a0\u00bbon|tablet\u00a0\u00bb custom_padding__hover=\u00a0\u00bb|||\u00a0\u00bb padding_phone=\u00a0\u00bb||50px|\u00a0\u00bb][et_pb_image src=\u00a0\u00bbhttps:\/\/www.icm-components.it\/wp-content\/uploads\/2022\/12\/cert_emas.jpg\u00a0\u00bb title_text=\u00a0\u00bbcert_emas\u00a0\u00bb url=\u00a0\u00bb\/wp-content\/uploads\/2022\/12\/Registrazione-EMAS.pdf\u00a0\u00bb url_new_window=\u00a0\u00bbon\u00a0\u00bb align=\u00a0\u00bbcenter\u00a0\u00bb admin_label=\u00a0\u00bbemas\u00a0\u00bb _builder_version=\u00a0\u00bb4.19.3&Prime; _module_preset=\u00a0\u00bbb4a76c6f-d64e-431f-8a5f-0828062994bb\u00a0\u00bb max_width=\u00a0\u00bb150px\u00a0\u00bb module_alignment=\u00a0\u00bbcenter\u00a0\u00bb global_colors_info=\u00a0\u00bb{}\u00a0\u00bb][\/et_pb_image][et_pb_image src=\u00a0\u00bbhttps:\/\/www.icm-components.it\/wp-content\/uploads\/2022\/12\/dichiarazione_ambientale.jpg\u00a0\u00bb title_text=\u00a0\u00bbdichiarazione_ambientale\u00a0\u00bb url=\u00a0\u00bbhttp:\/\/wp-content\/uploads\/2022\/12\/Dichiarazione-Ambientale.pdf\u00a0\u00bb url_new_window=\u00a0\u00bbon\u00a0\u00bb align=\u00a0\u00bbcenter\u00a0\u00bb admin_label=\u00a0\u00bbpolitica ambientale\u00a0\u00bb _builder_version=\u00a0\u00bb4.19.3&Prime; _module_preset=\u00a0\u00bbb4a76c6f-d64e-431f-8a5f-0828062994bb\u00a0\u00bb max_width=\u00a0\u00bb150px\u00a0\u00bb module_alignment=\u00a0\u00bbcenter\u00a0\u00bb global_colors_info=\u00a0\u00bb{}\u00a0\u00bb][\/et_pb_image][\/et_pb_column][\/et_pb_row][et_pb_row column_structure=\u00a0\u00bb1_4,3_4&Prime; use_custom_gutter=\u00a0\u00bbon\u00a0\u00bb gutter_width=\u00a0\u00bb1&Prime; _builder_version=\u00a0\u00bb4.19.3&Prime; _module_preset=\u00a0\u00bbdefault\u00a0\u00bb global_colors_info=\u00a0\u00bb{}\u00a0\u00bb][et_pb_column type=\u00a0\u00bb1_4&Prime; module_class=\u00a0\u00bbcolumn1&Prime; _builder_version=\u00a0\u00bb4.16&Prime; _module_preset=\u00a0\u00bbdefault\u00a0\u00bb custom_padding=\u00a0\u00bb|||\u00a0\u00bb custom_padding_tablet=\u00a0\u00bb||50px|\u00a0\u00bb custom_padding_phone=\u00a0\u00bb\u00a0\u00bb custom_padding_last_edited=\u00a0\u00bbon|tablet\u00a0\u00bb global_colors_info=\u00a0\u00bb{}\u00a0\u00bb padding_tablet=\u00a0\u00bb||50px|\u00a0\u00bb padding_last_edited=\u00a0\u00bbon|tablet\u00a0\u00bb custom_padding__hover=\u00a0\u00bb|||\u00a0\u00bb padding_phone=\u00a0\u00bb||50px|\u00a0\u00bb][et_pb_image src=\u00a0\u00bbhttps:\/\/www.icm-components.it\/wp-content\/uploads\/2023\/01\/logo-fsc-icm.jpg\u00a0\u00bb title_text=\u00a0\u00bblogo-fsc-icm\u00a0\u00bb url=\u00a0\u00bb\/wp-content\/uploads\/2022\/12\/Certificazione-FSC.pdf\u00a0\u00bb url_new_window=\u00a0\u00bbon\u00a0\u00bb align=\u00a0\u00bbcenter\u00a0\u00bb admin_label=\u00a0\u00bbFSC\u00a0\u00bb _builder_version=\u00a0\u00bb4.19.4&Prime; _module_preset=\u00a0\u00bbb4a76c6f-d64e-431f-8a5f-0828062994bb\u00a0\u00bb max_width=\u00a0\u00bb150px\u00a0\u00bb module_alignment=\u00a0\u00bbcenter\u00a0\u00bb hover_enabled=\u00a0\u00bb0&Prime; global_colors_info=\u00a0\u00bb{}\u00a0\u00bb sticky_enabled=\u00a0\u00bb0&Prime;][\/et_pb_image][\/et_pb_column][et_pb_column type=\u00a0\u00bb3_4&Prime; module_class=\u00a0\u00bbcolumn1&Prime; _builder_version=\u00a0\u00bb4.16&Prime; _module_preset=\u00a0\u00bbdefault\u00a0\u00bb custom_padding=\u00a0\u00bb|||\u00a0\u00bb custom_padding_tablet=\u00a0\u00bb||50px|\u00a0\u00bb custom_padding_phone=\u00a0\u00bb\u00a0\u00bb custom_padding_last_edited=\u00a0\u00bbon|tablet\u00a0\u00bb global_colors_info=\u00a0\u00bb{}\u00a0\u00bb padding_tablet=\u00a0\u00bb||50px|\u00a0\u00bb padding_last_edited=\u00a0\u00bbon|tablet\u00a0\u00bb custom_padding__hover=\u00a0\u00bb|||\u00a0\u00bb padding_phone=\u00a0\u00bb||50px|\u00a0\u00bb][et_pb_text quote_border_weight=\u00a0\u00bb0px\u00a0\u00bb quote_border_color=\u00a0\u00bbrgba(0,0,0,0)\u00a0\u00bb admin_label=\u00a0\u00bbFSC\u00a0\u00bb _builder_version=\u00a0\u00bb4.19.3&Prime; _module_preset=\u00a0\u00bbdefault\u00a0\u00bb text_font=\u00a0\u00bb||||||||\u00a0\u00bb link_font=\u00a0\u00bb||||on|||#000000|\u00a0\u00bb link_text_color=\u00a0\u00bb#000000&Prime; quote_font=\u00a0\u00bbPlayfair Display||on||||||\u00a0\u00bb quote_text_color=\u00a0\u00bb#000000&Prime; quote_line_height=\u00a0\u00bb1.3em\u00a0\u00bb header_font=\u00a0\u00bb|700|||||||\u00a0\u00bb header_2_font=\u00a0\u00bb|700|||||||\u00a0\u00bb header_3_font=\u00a0\u00bb|700|||||||\u00a0\u00bb header_3_text_color=\u00a0\u00bb#000000&Prime; header_4_letter_spacing=\u00a0\u00bb12px\u00a0\u00bb header_5_font=\u00a0\u00bb|300|||||||\u00a0\u00bb header_5_text_color=\u00a0\u00bb#bfbfbf\u00a0\u00bb header_5_letter_spacing=\u00a0\u00bb12px\u00a0\u00bb header_6_font=\u00a0\u00bb|700|||||||\u00a0\u00bb header_6_letter_spacing=\u00a0\u00bb12px\u00a0\u00bb module_alignment=\u00a0\u00bbleft\u00a0\u00bb custom_margin_tablet=\u00a0\u00bb\u00a0\u00bb custom_margin_phone=\u00a0\u00bb\u00a0\u00bb custom_margin_last_edited=\u00a0\u00bbon|tablet\u00a0\u00bb quote_font_size_tablet=\u00a0\u00bb\u00a0\u00bb quote_font_size_phone=\u00a0\u00bb\u00a0\u00bb quote_font_size_last_edited=\u00a0\u00bbon|desktop\u00a0\u00bb locked=\u00a0\u00bboff\u00a0\u00bb global_colors_info=\u00a0\u00bb{}\u00a0\u00bb]<\/p>\n<h2>Certification de produit FSC\u00ae<\/h2>\n<p>Pour offrir un meilleur service \u00e0 ses clients, I.C.M. S.p.a. depuis 2016, elle est en mesure de fournir, sur demande sp\u00e9cifique, des produits certifi\u00e9s FSC (FSC C129467).<\/p>\n<p>FSC (FOREST STEWARDSHIP COUNCIL\u00ae) est une organisation internationale non gouvernementale et \u00e0 but non lucratif cr\u00e9\u00e9e en 1993 pour promouvoir la gestion durable des for\u00eats d&rsquo;un point de vue environnemental, social et \u00e9conomique. Parmi les membres du FSC figurent des associations environnementales, des communaut\u00e9s autochtones, des instituts de recherche, des communaut\u00e9s foresti\u00e8res, des entreprises qui travaillent et commercialisent du bois qui travaillent ensemble pour promouvoir une gestion mondiale des for\u00eats et des plantations qui prot\u00e8gent l&rsquo;environnement naturel, ce qui est b\u00e9n\u00e9fique pour les travailleurs et les peuples autochtones. et qui est \u00e9conomiquement viable.<br \/>\nFSC a donc cr\u00e9\u00e9 un syst\u00e8me de certification et d&rsquo;\u00e9tiquetage des produits afin de garantir au consommateur final que le produit achet\u00e9 provient de for\u00eats certifi\u00e9es FSC.<\/p>\n<p>La garantie de l&rsquo;origine du mat\u00e9riau certifi\u00e9 est donn\u00e9e par le fait que tant les for\u00eats d&rsquo;origine FSC que les entreprises impliqu\u00e9es dans la transformation et la commercialisation des produits de ces for\u00eats (de l&rsquo;achat de bois directement de la for\u00eat certifi\u00e9e \u00e0 la vente du produit fini, en passant par tous les processus interm\u00e9diaires) sont contr\u00f4l\u00e9s et \u00e9valu\u00e9s de mani\u00e8re ind\u00e9pendante par des organismes de certification accr\u00e9dit\u00e9s qui contr\u00f4lent leur travail conform\u00e9ment aux normes d\u00e9finies.[\/et_pb_text][\/et_pb_column][\/et_pb_row][\/et_pb_section][et_pb_section fb_built=\u00a0\u00bb1&Prime; disabled_on=\u00a0\u00bbon|on|on\u00a0\u00bb admin_label=\u00a0\u00bbbanner richiedi info\u00a0\u00bb module_class=\u00a0\u00bbsfly_optin sfly_optin_2&Prime; _builder_version=\u00a0\u00bb4.16&Prime; _module_preset=\u00a0\u00bbdefault\u00a0\u00bb use_background_color_gradient=\u00a0\u00bbon\u00a0\u00bb background_color_gradient_stops=\u00a0\u00bbrgba(255,255,255,0.7) 0%|rgba(255,255,255,0.8) 100%\u00a0\u00bb background_color_gradient_overlays_image=\u00a0\u00bbon\u00a0\u00bb background_color_gradient_start=\u00a0\u00bbrgba(255,255,255,0.7)\u00a0\u00bb background_color_gradient_end=\u00a0\u00bbrgba(255,255,255,0.8)\u00a0\u00bb background_image=\u00a0\u00bbhttps:\/\/www.icm-components.it\/wp-content\/uploads\/2022\/12\/R_AdobeStock_162997545.jpg\u00a0\u00bb background_enable_image=\u00a0\u00bboff\u00a0\u00bb animation_style=\u00a0\u00bbfade\u00a0\u00bb background_color_gradient_stops_tablet=\u00a0\u00bbrgba(255,255,255,0.7) 0%|rgba(255,255,255,0.8) 100%\u00a0\u00bb background_color_gradient_stops_phone=\u00a0\u00bbrgba(255,255,255,0.7) 0%|rgba(255,255,255,0.8) 100%\u00a0\u00bb disabled=\u00a0\u00bbon\u00a0\u00bb global_module=\u00a0\u00bb17246&Prime; saved_tabs=\u00a0\u00bball\u00a0\u00bb locked=\u00a0\u00bboff\u00a0\u00bb global_colors_info=\u00a0\u00bb{}\u00a0\u00bb][et_pb_row column_structure=\u00a0\u00bb1_2,1_2&Prime; module_class=\u00a0\u00bbrequest-info-block\u00a0\u00bb _builder_version=\u00a0\u00bb4.16&Prime; _module_preset=\u00a0\u00bbdefault\u00a0\u00bb collapsed=\u00a0\u00bboff\u00a0\u00bb global_colors_info=\u00a0\u00bb{}\u00a0\u00bb][et_pb_column type=\u00a0\u00bb1_2&Prime; _builder_version=\u00a0\u00bb4.16&Prime; _module_preset=\u00a0\u00bbdefault\u00a0\u00bb custom_padding=\u00a0\u00bb|||\u00a0\u00bb global_colors_info=\u00a0\u00bb{}\u00a0\u00bb custom_padding__hover=\u00a0\u00bb|||\u00a0\u00bb][et_pb_text _builder_version=\u00a0\u00bb4.19.3&Prime; _module_preset=\u00a0\u00bbdefault\u00a0\u00bb text_font=\u00a0\u00bb||||||||\u00a0\u00bb header_font=\u00a0\u00bb||||||||\u00a0\u00bb header_3_font=\u00a0\u00bb|700|||||||\u00a0\u00bb text_orientation=\u00a0\u00bbcenter\u00a0\u00bb max_width=\u00a0\u00bb500px\u00a0\u00bb module_alignment=\u00a0\u00bbcenter\u00a0\u00bb animation_style=\u00a0\u00bbfade\u00a0\u00bb animation_delay=\u00a0\u00bb500ms\u00a0\u00bb locked=\u00a0\u00bboff\u00a0\u00bb global_colors_info=\u00a0\u00bb{}\u00a0\u00bb]<\/p>\n<h3>Informations requises<\/h3>\n<p>Remplissez le formulaire sur le c\u00f4t\u00e9 pour demander des informations sur nos produits. Nous vous contacterons dans les plus brefs d\u00e9lais pour r\u00e9pondre \u00e0 votre demande.<\/p>\n<p>[\/et_pb_text][\/et_pb_column][et_pb_column type=\u00a0\u00bb1_2&Prime; module_class=\u00a0\u00bbcontact-form\u00a0\u00bb _builder_version=\u00a0\u00bb4.16&Prime; _module_preset=\u00a0\u00bbdefault\u00a0\u00bb custom_padding=\u00a0\u00bb|||\u00a0\u00bb global_colors_info=\u00a0\u00bb{}\u00a0\u00bb custom_padding__hover=\u00a0\u00bb|||\u00a0\u00bb][et_pb_code _builder_version=\u00a0\u00bb4.19.3&Prime; _module_preset=\u00a0\u00bbdefault\u00a0\u00bb global_colors_info=\u00a0\u00bb{}\u00a0\u00bb]\n<div class=\"wpcf7 no-js\" id=\"wpcf7-f17231-o1\" lang=\"it-IT\" dir=\"ltr\">\n<div class=\"screen-reader-response\"><p role=\"status\" aria-live=\"polite\" aria-atomic=\"true\"><\/p> <ul><\/ul><\/div>\n<form action=\"\/fr\/wp-json\/wp\/v2\/pages\/17483#wpcf7-f17231-o1\" method=\"post\" class=\"wpcf7-form init\" aria-label=\"Modulo di contatto\" novalidate=\"novalidate\" data-status=\"init\">\n<div style=\"display: none;\">\n<input type=\"hidden\" name=\"_wpcf7\" value=\"17231\" \/>\n<input type=\"hidden\" name=\"_wpcf7_version\" value=\"5.7.6\" \/>\n<input type=\"hidden\" name=\"_wpcf7_locale\" value=\"it_IT\" \/>\n<input type=\"hidden\" name=\"_wpcf7_unit_tag\" value=\"wpcf7-f17231-o1\" \/>\n<input type=\"hidden\" name=\"_wpcf7_container_post\" value=\"0\" \/>\n<input type=\"hidden\" name=\"_wpcf7_posted_data_hash\" value=\"\" \/>\n<\/div>\n<div class=\"full\">\n\t<div class=\"half left\">\n\t\t<p><span class=\"wpcf7-form-control-wrap\" data-name=\"your-name\"><input size=\"40\" class=\"wpcf7-form-control wpcf7-text wpcf7-validates-as-required\" aria-required=\"true\" aria-invalid=\"false\" value=\"Nome\" type=\"text\" name=\"your-name\" \/><\/span>\n\t\t<\/p>\n\t<\/div>\n\t<div class=\"half right\">\n\t\t<p><span class=\"wpcf7-form-control-wrap\" data-name=\"your-surname\"><input size=\"40\" class=\"wpcf7-form-control wpcf7-text wpcf7-validates-as-required\" aria-required=\"true\" aria-invalid=\"false\" value=\"Cognome\" type=\"text\" name=\"your-surname\" \/><\/span>\n\t\t<\/p>\n\t<\/div>\n<\/div>\n<div class=\"full\">\n\t<div class=\"half left\">\n\t\t<p><span class=\"wpcf7-form-control-wrap\" data-name=\"your-company\"><input size=\"40\" class=\"wpcf7-form-control wpcf7-text wpcf7-validates-as-required\" aria-required=\"true\" aria-invalid=\"false\" value=\"Azienda\" type=\"text\" name=\"your-company\" \/><\/span>\n\t\t<\/p>\n\t<\/div>\n\t<div class=\"half right\">\n\t\t<p><span class=\"wpcf7-form-control-wrap\" data-name=\"your-province\"><input size=\"40\" class=\"wpcf7-form-control wpcf7-text wpcf7-validates-as-required\" aria-required=\"true\" aria-invalid=\"false\" value=\"Provincia\" type=\"text\" name=\"your-province\" \/><\/span>\n\t\t<\/p>\n\t<\/div>\n<\/div>\n<div class=\"full\">\n\t<div class=\"half left\">\n\t\t<p><span class=\"wpcf7-form-control-wrap\" data-name=\"your-email\"><input size=\"40\" class=\"wpcf7-form-control wpcf7-text wpcf7-email wpcf7-validates-as-required wpcf7-validates-as-email\" aria-required=\"true\" aria-invalid=\"false\" value=\"E-mail\" type=\"email\" name=\"your-email\" \/><\/span>\n\t\t<\/p>\n\t<\/div>\n\t<div class=\"half right\">\n\t\t<p><span class=\"wpcf7-form-control-wrap\" data-name=\"your-phone\"><input size=\"40\" class=\"wpcf7-form-control wpcf7-text wpcf7-tel wpcf7-validates-as-required wpcf7-validates-as-tel\" aria-required=\"true\" aria-invalid=\"false\" value=\"Telefono\" type=\"tel\" name=\"your-phone\" \/><\/span>\n\t\t<\/p>\n\t<\/div>\n<\/div>\n<div class=\"full\">\n\t<p><span class=\"wpcf7-form-control-wrap\" data-name=\"your-message\"><textarea cols=\"40\" rows=\"10\" class=\"wpcf7-form-control wpcf7-textarea\" aria-invalid=\"false\" name=\"your-message\">Messaggio<\/textarea><\/span>\n\t<\/p>\n<\/div>\n<div class=\"full condictions\">\n\t<p class=\"privacy-title\">Trattamento dei dati e Privacy\n\t<\/p>\n\t<p><span class=\"wpcf7-form-control-wrap\" data-name=\"acceptance-331\"><span class=\"wpcf7-form-control wpcf7-acceptance\"><span class=\"wpcf7-list-item\"><label><input type=\"checkbox\" name=\"acceptance-331\" value=\"1\" aria-invalid=\"false\" \/><span class=\"wpcf7-list-item-label\">Trattamento dei dati e Privacy - regolamento 679\/16 e D.Lgs 196\/03. In riferimento al trattamento dei dati secondo la legislazione vigente e il GDPR (regolamento 679\/16) e D. Lgs 196\/03 si precisa che il trattamento dei dati forniti sar\u00e0 finalizzato esclusivamente per i servizi richiesti dal cliente e dagli interessati con i quali viene in contatto<\/span><\/label><\/span><\/span><\/span>\n\t<\/p>\n<\/div>\n<p><input class=\"wpcf7-form-control has-spinner wpcf7-submit\" type=\"submit\" value=\"Invia\" \/>\n<\/p><div class=\"wpcf7-response-output\" aria-hidden=\"true\"><\/div>\n<\/form>\n<\/div>\n[\/et_pb_code][\/et_pb_column][\/et_pb_row][\/et_pb_section]<\/p>\n","protected":false},"excerpt":{"rendered":"<p>Lorem ispum dolor sit amet aner manec cit solvem ici lorem de sigma hic not et architecto sa.Certificats <span><span><a href=\"https:\/\/www.icm-components.it\/fr\/homepage\/\">Home<\/a><\/span><\/span>La politique environnementale de I.C.M. S.P.A. ICM exerce ses activit\u00e9s avec une attention particuli\u00e8re \u00e0 la durabilit\u00e9 environnementale des processus de production dans le respect de l&rsquo;environnement et de la communaut\u00e9 dans laquelle elle op\u00e8re dans le [&hellip;]<\/p>\n","protected":false},"author":1,"featured_media":0,"parent":0,"menu_order":0,"comment_status":"closed","ping_status":"closed","template":"","meta":{"_et_pb_use_builder":"on","_et_pb_old_content":"","_et_gb_content_width":""},"yoast_head":"<!-- This site is optimized with the Yoast SEO plugin v20.6 - https:\/\/yoast.com\/wordpress\/plugins\/seo\/ -->\n<title>ICM S.p.a. Certifications | ICM, componenti per mobili e porte<\/title>\n<meta name=\"robots\" content=\"index, follow, max-snippet:-1, max-image-preview:large, max-video-preview:-1\" \/>\n<link rel=\"canonical\" href=\"https:\/\/www.icm-components.it\/fr\/certifications-des-spas-icm\/\" \/>\n<meta property=\"og:locale\" content=\"fr_FR\" \/>\n<meta property=\"og:type\" content=\"article\" \/>\n<meta property=\"og:title\" content=\"ICM S.p.a. Certifications | ICM, componenti per mobili e porte\" \/>\n<meta property=\"og:description\" content=\"Lorem ispum dolor sit amet aner manec cit solvem ici lorem de sigma hic not et architecto sa.Certificats La politique environnementale de I.C.M. S.P.A. ICM exerce ses activit\u00e9s avec une attention particuli\u00e8re \u00e0 la durabilit\u00e9 environnementale des processus de production dans le respect de l&#039;environnement et de la communaut\u00e9 dans laquelle elle op\u00e8re dans le [&hellip;]\" \/>\n<meta property=\"og:url\" content=\"https:\/\/www.icm-components.it\/fr\/certifications-des-spas-icm\/\" \/>\n<meta property=\"og:site_name\" content=\"ICM, componenti per mobili e porte\" \/>\n<meta property=\"article:modified_time\" content=\"2023-01-13T11:53:59+00:00\" \/>\n<meta name=\"twitter:card\" content=\"summary_large_image\" \/>\n<meta name=\"twitter:label1\" content=\"Dur\u00e9e de lecture estim\u00e9e\" \/>\n\t<meta name=\"twitter:data1\" content=\"16 minutes\" \/>\n<script type=\"application\/ld+json\" class=\"yoast-schema-graph\">{\"@context\":\"https:\/\/schema.org\",\"@graph\":[{\"@type\":\"WebPage\",\"@id\":\"https:\/\/www.icm-components.it\/fr\/certifications-des-spas-icm\/\",\"url\":\"https:\/\/www.icm-components.it\/fr\/certifications-des-spas-icm\/\",\"name\":\"ICM S.p.a. Certifications | ICM, componenti per mobili e porte\",\"isPartOf\":{\"@id\":\"https:\/\/www.icm-components.it\/fr\/#website\"},\"datePublished\":\"2022-12-16T14:30:48+00:00\",\"dateModified\":\"2023-01-13T11:53:59+00:00\",\"breadcrumb\":{\"@id\":\"https:\/\/www.icm-components.it\/fr\/certifications-des-spas-icm\/#breadcrumb\"},\"inLanguage\":\"fr-FR\",\"potentialAction\":[{\"@type\":\"ReadAction\",\"target\":[\"https:\/\/www.icm-components.it\/fr\/certifications-des-spas-icm\/\"]}]},{\"@type\":\"BreadcrumbList\",\"@id\":\"https:\/\/www.icm-components.it\/fr\/certifications-des-spas-icm\/#breadcrumb\",\"itemListElement\":[{\"@type\":\"ListItem\",\"position\":1,\"name\":\"Home\",\"item\":\"https:\/\/www.icm-components.it\/fr\/homepage\/\"},{\"@type\":\"ListItem\",\"position\":2,\"name\":\"ICM S.p.a. Certifications\"}]},{\"@type\":\"WebSite\",\"@id\":\"https:\/\/www.icm-components.it\/fr\/#website\",\"url\":\"https:\/\/www.icm-components.it\/fr\/\",\"name\":\"ICM, componenti per mobili e porte\",\"description\":\"componenti per mobili e porte\",\"publisher\":{\"@id\":\"https:\/\/www.icm-components.it\/fr\/#organization\"},\"potentialAction\":[{\"@type\":\"SearchAction\",\"target\":{\"@type\":\"EntryPoint\",\"urlTemplate\":\"https:\/\/www.icm-components.it\/fr\/?s={search_term_string}\"},\"query-input\":\"required name=search_term_string\"}],\"inLanguage\":\"fr-FR\"},{\"@type\":\"Organization\",\"@id\":\"https:\/\/www.icm-components.it\/fr\/#organization\",\"name\":\"ICM, componenti per mobili e porte\",\"url\":\"https:\/\/www.icm-components.it\/fr\/\",\"logo\":{\"@type\":\"ImageObject\",\"inLanguage\":\"fr-FR\",\"@id\":\"https:\/\/www.icm-components.it\/fr\/#\/schema\/logo\/image\/\",\"url\":\"https:\/\/www.icm-components.it\/wp-content\/uploads\/2022\/12\/logo_ICM.png\",\"contentUrl\":\"https:\/\/www.icm-components.it\/wp-content\/uploads\/2022\/12\/logo_ICM.png\",\"width\":235,\"height\":80,\"caption\":\"ICM, componenti per mobili e porte\"},\"image\":{\"@id\":\"https:\/\/www.icm-components.it\/fr\/#\/schema\/logo\/image\/\"}}]}<\/script>\n<!-- \/ Yoast SEO plugin. -->","yoast_head_json":{"title":"ICM S.p.a. Certifications | ICM, componenti per mobili e porte","robots":{"index":"index","follow":"follow","max-snippet":"max-snippet:-1","max-image-preview":"max-image-preview:large","max-video-preview":"max-video-preview:-1"},"canonical":"https:\/\/www.icm-components.it\/fr\/certifications-des-spas-icm\/","og_locale":"fr_FR","og_type":"article","og_title":"ICM S.p.a. Certifications | ICM, componenti per mobili e porte","og_description":"Lorem ispum dolor sit amet aner manec cit solvem ici lorem de sigma hic not et architecto sa.Certificats La politique environnementale de I.C.M. S.P.A. ICM exerce ses activit\u00e9s avec une attention particuli\u00e8re \u00e0 la durabilit\u00e9 environnementale des processus de production dans le respect de l'environnement et de la communaut\u00e9 dans laquelle elle op\u00e8re dans le [&hellip;]","og_url":"https:\/\/www.icm-components.it\/fr\/certifications-des-spas-icm\/","og_site_name":"ICM, componenti per mobili e porte","article_modified_time":"2023-01-13T11:53:59+00:00","twitter_card":"summary_large_image","twitter_misc":{"Dur\u00e9e de lecture estim\u00e9e":"16 minutes"},"schema":{"@context":"https:\/\/schema.org","@graph":[{"@type":"WebPage","@id":"https:\/\/www.icm-components.it\/fr\/certifications-des-spas-icm\/","url":"https:\/\/www.icm-components.it\/fr\/certifications-des-spas-icm\/","name":"ICM S.p.a. Certifications | ICM, componenti per mobili e porte","isPartOf":{"@id":"https:\/\/www.icm-components.it\/fr\/#website"},"datePublished":"2022-12-16T14:30:48+00:00","dateModified":"2023-01-13T11:53:59+00:00","breadcrumb":{"@id":"https:\/\/www.icm-components.it\/fr\/certifications-des-spas-icm\/#breadcrumb"},"inLanguage":"fr-FR","potentialAction":[{"@type":"ReadAction","target":["https:\/\/www.icm-components.it\/fr\/certifications-des-spas-icm\/"]}]},{"@type":"BreadcrumbList","@id":"https:\/\/www.icm-components.it\/fr\/certifications-des-spas-icm\/#breadcrumb","itemListElement":[{"@type":"ListItem","position":1,"name":"Home","item":"https:\/\/www.icm-components.it\/fr\/homepage\/"},{"@type":"ListItem","position":2,"name":"ICM S.p.a. Certifications"}]},{"@type":"WebSite","@id":"https:\/\/www.icm-components.it\/fr\/#website","url":"https:\/\/www.icm-components.it\/fr\/","name":"ICM, componenti per mobili e porte","description":"componenti per mobili e porte","publisher":{"@id":"https:\/\/www.icm-components.it\/fr\/#organization"},"potentialAction":[{"@type":"SearchAction","target":{"@type":"EntryPoint","urlTemplate":"https:\/\/www.icm-components.it\/fr\/?s={search_term_string}"},"query-input":"required name=search_term_string"}],"inLanguage":"fr-FR"},{"@type":"Organization","@id":"https:\/\/www.icm-components.it\/fr\/#organization","name":"ICM, componenti per mobili e porte","url":"https:\/\/www.icm-components.it\/fr\/","logo":{"@type":"ImageObject","inLanguage":"fr-FR","@id":"https:\/\/www.icm-components.it\/fr\/#\/schema\/logo\/image\/","url":"https:\/\/www.icm-components.it\/wp-content\/uploads\/2022\/12\/logo_ICM.png","contentUrl":"https:\/\/www.icm-components.it\/wp-content\/uploads\/2022\/12\/logo_ICM.png","width":235,"height":80,"caption":"ICM, componenti per mobili e porte"},"image":{"@id":"https:\/\/www.icm-components.it\/fr\/#\/schema\/logo\/image\/"}}]}},"_links":{"self":[{"href":"https:\/\/www.icm-components.it\/fr\/wp-json\/wp\/v2\/pages\/17483"}],"collection":[{"href":"https:\/\/www.icm-components.it\/fr\/wp-json\/wp\/v2\/pages"}],"about":[{"href":"https:\/\/www.icm-components.it\/fr\/wp-json\/wp\/v2\/types\/page"}],"author":[{"embeddable":true,"href":"https:\/\/www.icm-components.it\/fr\/wp-json\/wp\/v2\/users\/1"}],"replies":[{"embeddable":true,"href":"https:\/\/www.icm-components.it\/fr\/wp-json\/wp\/v2\/comments?post=17483"}],"version-history":[{"count":7,"href":"https:\/\/www.icm-components.it\/fr\/wp-json\/wp\/v2\/pages\/17483\/revisions"}],"predecessor-version":[{"id":17553,"href":"https:\/\/www.icm-components.it\/fr\/wp-json\/wp\/v2\/pages\/17483\/revisions\/17553"}],"wp:attachment":[{"href":"https:\/\/www.icm-components.it\/fr\/wp-json\/wp\/v2\/media?parent=17483"}],"curies":[{"name":"wp","href":"https:\/\/api.w.org\/{rel}","templated":true}]}}